{"id":3292,"date":"2021-06-11T07:26:15","date_gmt":"2021-06-11T07:26:15","guid":{"rendered":"https:\/\/visitnesna.no\/?page_id=3292"},"modified":"2023-05-26T13:18:22","modified_gmt":"2023-05-26T13:18:22","slug":"reisevilkar","status":"publish","type":"page","link":"https:\/\/visitnesna.no\/en\/reisevilkar\/","title":{"rendered":"Terms and conditions"},"content":{"rendered":"<div data-elementor-type=\"wp-page\" data-elementor-id=\"3292\" class=\"elementor elementor-3292\" data-elementor-post-type=\"page\">\n\t\t\t\t\t\t<section class=\"elementor-section elementor-top-section elementor-element elementor-element-5c0b0bff elementor-section-boxed elementor-section-height-default elementor-section-height-default\" data-id=\"5c0b0bff\" data-element_type=\"section\" data-e-type=\"section\">\n\t\t\t\t\t\t<div class=\"elementor-container elementor-column-gap-default\">\n\t\t\t\t\t<div class=\"elementor-column elementor-col-100 elementor-top-column elementor-element elementor-element-e6ed3a0\" data-id=\"e6ed3a0\" data-element_type=\"column\" data-e-type=\"column\">\n\t\t\t<div class=\"elementor-widget-wrap elementor-element-populated\">\n\t\t\t\t\t\t<div class=\"elementor-element elementor-element-103ecb50 elementor-widget elementor-widget-text-editor\" data-id=\"103ecb50\" data-element_type=\"widget\" data-e-type=\"widget\" data-widget_type=\"text-editor.default\">\n\t\t\t\t<div class=\"elementor-widget-container\">\n\t\t\t\t\t\t\t\t\t<p><\/p>\n<p><\/p>\n<p><\/p>\n<p><strong>1. P\u00e5melding\/bestilling<\/strong><\/p>\n<p><\/p>\n<p><\/p>\n<p>Bestilling av tur med Visit Nesna AS gj\u00f8res enten via facebook, mail, telefon eller v\u00e5r webside.<\/p>\n<p><\/p>\n<p><\/p>\n<p>Fra dette tidspunkt gjelder reiseavtalen mellom partene, og arrang\u00f8rens betingelser er gyldige. Arrang\u00f8ren er da ansvarlig for \u00e5 levere de produkter\/arrangementer du har bestilt, samtidig som du blir \u00f8konomisk ansvarlig for bestillingen. I det \u00f8yeblikk du gj\u00f8r en bestilling, bekrefter du samtidig at du har myndighet til \u00e5 akseptere p\u00e5 vegne av deg selv og eventuelt reisef\u00f8lge. Du aksepterer ansvar for at innbetaling skjer til oss for samtlige reisende i ditt f\u00f8lge. Du er selv ansvarlig for \u00e5 p\u00e5se at reservasjonen er i samsvar med bestilling. Du vil ogs\u00e5 v\u00e6re ansvarlig for at samtlige i ditt reisef\u00f8lge blir holdt fullt informert om hva som er bestilt og om eventuelle endringer.<\/p>\n<p><\/p>\n<p><\/p>\n<p><strong>2. Betaling<\/strong><\/p>\n<p><\/p>\n<p><\/p>\n<p>Betaling skjer pr faktura fra oss dersom annet ikke er avtalt<\/p>\n<p>Barn fra 6 \u00e5r til 17 \u00e5r<br>Voksen fra 18 \u00e5r<br><\/p>\n<p><\/p>\n<p><\/p>\n<p><strong>3. Avbestilling<\/strong><\/p>\n<p><\/p>\n<p><\/p>\n<p>Avbestilling m\u00e5 skje skriftlig (sms eller epost). Avhengig av n\u00e5r vi mottar avbestillingen refunderer vi turens pris minus nedenst\u00e5ende prosentandel til dekning av v\u00e5re tap i forbindelse med avbestillingen.<\/p>\n<p><\/p>\n<p><\/p>\n<ul class=\"wp-block-list\">\n<li>&#8211; &nbsp;Mer enn 1 mnd f\u00f8r avreise: full refusjon<\/li>\n<li>&#8211; &nbsp;30-14 dager: 50 % refusjon<\/li>\n<li>&#8211; &nbsp;F\u00e6rre enn 14 dager og ved ikke oppm\u00f8te: ingen refusjon<\/li>\n<\/ul>\n<p><\/p>\n<p><\/p>\n<p><strong>4. Avbrudd<\/strong><\/p>\n<p><\/p>\n<p><\/p>\n<p>Hvis en deltaker m\u00e5 avbryte et arrangement, er arrang\u00f8ren ikke ansvarlig for ekstra kostnader som f\u00f8lge av avbruddet. I slike tilfeller henvises til deltakers private reiseforsikring. Deltaker har heller ikke krav p\u00e5 refusjon av hele eller deler av turkostnaden<\/p>\n<p><\/p>\n<p><\/p>\n<p><strong>5. Avlysning\/programendring<\/strong><\/p>\n<p><\/p>\n<p><\/p>\n<p>Arrang\u00f8ren forbeholder seg retten til \u00e5 avlyse enhver avgang frem til avgangsdato som f\u00f8lge av force majeure, v\u00e6rforhold eller liknende omstendigheter som ligger utenfor arrang\u00f8rens kontroll og umuliggj\u00f8r reisens gjennomf\u00f8ring. Skulle en kansellering forekomme p\u00e5 grunnlag ovennevnte forhold begrenser refusjonen seg opp til det bel\u00f8p som er innbetalt av kunden til arrang\u00f8ren. Utover dette har deltakerne ikke krav p\u00e5 erstatning.<\/p>\n<p><\/p>\n<p><\/p>\n<p><strong>6. Reklamasjon og krav<\/strong><\/p>\n<p><\/p>\n<p><\/p>\n<p>Dersom den reisende mener \u00e5 ha grunn til \u00e5 klage p\u00e5 arrangementet, m\u00e5 forholdet p\u00e5vises underveis for Visit Nesna AS\u2019 personell som vil fors\u00f8ke \u00e5 rette eventuelle feil. Videre m\u00e5 krav eller innsigelser gis i skriftlig form til Visit Nesna AS innen 30 dager etter at hendelsen oppstod. Mislighold i denne forbindelse kan inneb\u00e6re at<\/p>\n<p><\/p>\n<p><\/p>\n<p>hendelsen kan p\u00e5virke kundens rettigheter. Hvis ikke annet er innbefattet i gjeldende lov, er kundens krav foreldet dersom sak ikke er startet innen to \u00e5r etter at turen opph\u00f8rte.<\/p>\n<p><\/p>\n<p><\/p>\n<p><strong>7. Fotografering<\/strong><\/p>\n<p><\/p>\n<p><\/p>\n<p>Som deltaker p\u00e5 turer i regi av Visit Nesna AS kan man bli tatt bilde av enten av turleder eller av andre deltakere. Disse bildene kan bli brukt i v\u00e5re publikasjoner, i sosiale media eller p\u00e5 v\u00e5re nettsider. Hvis du vil reservere deg for \u00e5 bli tatt bilde av m\u00e5 du informere turleder om dette, helst n\u00e5r turen starter.<\/p>\n<p><b>8. Tvister<\/b><\/p><p>Ved evt. tvister skal saken tas opp med Forliksr\u00e5det v\/Rana Tingrett<\/p>\n<p><\/p>\t\t\t\t\t\t\t\t<\/div>\n\t\t\t\t<\/div>\n\t\t\t\t\t<\/div>\n\t\t<\/div>\n\t\t\t\t\t<\/div>\n\t\t<\/section>\n\t\t\t\t<\/div>","protected":false},"excerpt":{"rendered":"<p>1. P\u00e5melding\/bestilling Bestilling av tur med Visit Nesna AS gj\u00f8res enten via facebook, mail, telefon eller v\u00e5r webside. Fra dette tidspunkt gjelder reiseavtalen mellom partene, og arrang\u00f8rens betingelser er gyldige. Arrang\u00f8ren er da ansvarlig for \u00e5 levere de produkter\/arrangementer du har bestilt, samtidig som du blir \u00f8konomisk ansvarlig for bestillingen. I det \u00f8yeblikk du gj\u00f8r<\/p>","protected":false},"author":21076669,"featured_media":0,"parent":0,"menu_order":0,"comment_status":"closed","ping_status":"closed","template":"","meta":{"footnotes":""},"class_list":["post-3292","page","type-page","status-publish","hentry"],"jetpack_sharing_enabled":true,"jetpack_shortlink":"https:\/\/wp.me\/PaxB8D-R6","_links":{"self":[{"href":"https:\/\/visitnesna.no\/en\/wp-json\/wp\/v2\/pages\/3292","targetHints":{"allow":["GET"]}}],"collection":[{"href":"https:\/\/visitnesna.no\/en\/wp-json\/wp\/v2\/pages"}],"about":[{"href":"https:\/\/visitnesna.no\/en\/wp-json\/wp\/v2\/types\/page"}],"author":[{"embeddable":true,"href":"https:\/\/visitnesna.no\/en\/wp-json\/wp\/v2\/users\/21076669"}],"replies":[{"embeddable":true,"href":"https:\/\/visitnesna.no\/en\/wp-json\/wp\/v2\/comments?post=3292"}],"version-history":[{"count":10,"href":"https:\/\/visitnesna.no\/en\/wp-json\/wp\/v2\/pages\/3292\/revisions"}],"predecessor-version":[{"id":3850,"href":"https:\/\/visitnesna.no\/en\/wp-json\/wp\/v2\/pages\/3292\/revisions\/3850"}],"wp:attachment":[{"href":"https:\/\/visitnesna.no\/en\/wp-json\/wp\/v2\/media?parent=3292"}],"curies":[{"name":"wp","href":"https:\/\/api.w.org\/{rel}","templated":true}]}}